{"id":931,"date":"2017-05-24T22:13:50","date_gmt":"2017-05-24T21:13:50","guid":{"rendered":"http:\/\/vogesus.fr\/?page_id=931"},"modified":"2025-12-25T20:47:08","modified_gmt":"2025-12-25T19:47:08","slug":"les-arbres-et-les-cathedrales","status":"publish","type":"page","link":"https:\/\/vogesus.fr\/index.php\/le-secret-des-batisseurs\/les-arbres-et-les-cathedrales\/","title":{"rendered":"Les Arbres et les Cath\u00e9drales"},"content":{"rendered":"<h3><em><span style=\"color: #0000ff;\">Qui donc a jamais mesur\u00e9 dans sa main les eaux des rivi\u00e8res et pes\u00e9 les cieux dans sa paume, et, soupes\u00e9 entre trois doigts la masse de la terre ?<\/span><\/em><\/h3>\n<h3><em><span style=\"color: #0000ff;\">Le ciel et la terre sont remplis de la gloire divine et notre esprit si \u00e9troit ne peut concevoir un monde si vaste.<\/span><\/em><\/h3>\n<h3><em><span style=\"color: #0000ff;\">Alors l&rsquo;homme r\u00e9duit l&rsquo;univers \u00e0 un paysage qui lui est familier et avant que le temple ne devienne la demeure du Dieu, l&rsquo;homme se tournera vers ce qui lui est familier, l&rsquo;Arbre.<\/span><\/em><\/h3>\n<h3><em><span style=\"color: #0000ff;\">L&rsquo;Arbre est verticalit\u00e9, croissance, vie, il devient la r\u00e9alit\u00e9 sacr\u00e9e, centre du culte.<\/span><\/em><\/h3>\n<h3><em><span style=\"color: #0000ff;\">L&rsquo;Arbre est l&rsquo;axe d&rsquo;un monde en expansion, il plonge ses racines au plus profond de la terre, son tronc est en qu\u00eate de verticalit\u00e9 et sa ramure c\u00e9leste adresse une pri\u00e8re au cosmos. Oui, comme dans un rituel.<\/span><\/em><\/h3>\n<h3><em><span style=\"color: #0000ff;\">Puis quand les hommes \u00e9difi\u00e8rent des temples, les Arbres devinrent des colonnes pour marquer le seuil, Arbre de vie, Arbre du Paradis&#8230;<\/span><\/em><\/h3>\n<p>Vid\u00e9o cr\u00e9ation de Vogesus, le 24\/05\/17<\/p>\n<div style=\"width: 652px;\" class=\"wp-video\"><video class=\"wp-video-shortcode\" id=\"video-931-1\" width=\"652\" height=\"367\" preload=\"metadata\" controls=\"controls\"><source type=\"video\/mp4\" src=\"http:\/\/vogesus.fr\/wp-content\/uploads\/2017\/05\/Les-arbres-1-ok.mp4?_=1\" \/><a href=\"http:\/\/vogesus.fr\/wp-content\/uploads\/2017\/05\/Les-arbres-1-ok.mp4\">http:\/\/vogesus.fr\/wp-content\/uploads\/2017\/05\/Les-arbres-1-ok.mp4<\/a><\/video><\/div>\n<p><img loading=\"lazy\" decoding=\"async\" data-attachment-id=\"929\" data-permalink=\"https:\/\/vogesus.fr\/index.php\/le-secret-des-batisseurs\/les-arbres-et-les-cathedrales\/arbreok2\/#main\" data-orig-file=\"https:\/\/vogesus.fr\/wp-content\/uploads\/2017\/05\/Arbreok2.jpg\" data-orig-size=\"3636,8808\" data-comments-opened=\"1\" data-image-meta=\"{&quot;aperture&quot;:&quot;2.2&quot;,&quot;credit&quot;:&quot;&quot;,&quot;camera&quot;:&quot;iPhone 6s Plus&quot;,&quot;caption&quot;:&quot;&quot;,&quot;created_timestamp&quot;:&quot;1495389856&quot;,&quot;copyright&quot;:&quot;&quot;,&quot;focal_length&quot;:&quot;4.15&quot;,&quot;iso&quot;:&quot;500&quot;,&quot;shutter_speed&quot;:&quot;0.01&quot;,&quot;title&quot;:&quot;&quot;,&quot;orientation&quot;:&quot;0&quot;}\" data-image-title=\"Arbreok2\" data-image-description=\"&lt;p&gt;Arbreok2&lt;\/p&gt;\n\" data-image-caption=\"&lt;p&gt;Arbreok2&lt;\/p&gt;\n\" data-large-file=\"https:\/\/vogesus.fr\/wp-content\/uploads\/2017\/05\/Arbreok2-423x1024.jpg\" class=\"size-medium wp-image-929 aligncenter\" src=\"http:\/\/vogesus.fr\/wp-content\/uploads\/2017\/05\/Arbreok2-124x300.jpg\" alt=\"Arbreok2\" width=\"124\" height=\"300\" srcset=\"https:\/\/vogesus.fr\/wp-content\/uploads\/2017\/05\/Arbreok2-124x300.jpg 124w, https:\/\/vogesus.fr\/wp-content\/uploads\/2017\/05\/Arbreok2-768x1860.jpg 768w, https:\/\/vogesus.fr\/wp-content\/uploads\/2017\/05\/Arbreok2-423x1024.jpg 423w\" sizes=\"auto, (max-width: 124px) 100vw, 124px\" \/><\/p>\n<p>&nbsp;<\/p>\n<p>&nbsp;<\/p>\n<p>&nbsp;<\/p>\n<p>&nbsp;<\/p>\n\n\n<p class=\"has-medium-font-size\">\u00a9 Vogesus 2020<\/p>\n","protected":false},"excerpt":{"rendered":"<p>Qui donc a jamais mesur\u00e9 dans sa main les eaux des rivi\u00e8res et pes\u00e9 les cieux dans sa paume, et, soupes\u00e9 entre trois doigts la masse de la terre ? Le ciel et la terre sont remplis de la gloire divine et notre esprit si \u00e9troit ne peut concevoir un monde si vaste. Alors l&rsquo;homme [&hellip;]<\/p>\n","protected":false},"author":1,"featured_media":0,"parent":473,"menu_order":3,"comment_status":"closed","ping_status":"closed","template":"","meta":{"jetpack_post_was_ever_published":false,"footnotes":""},"class_list":["post-931","page","type-page","status-publish","hentry"],"aioseo_notices":[],"jetpack_sharing_enabled":true,"jetpack_shortlink":"https:\/\/wp.me\/P7ThE8-f1","jetpack-related-posts":[],"_links":{"self":[{"href":"https:\/\/vogesus.fr\/index.php\/wp-json\/wp\/v2\/pages\/931","targetHints":{"allow":["GET"]}}],"collection":[{"href":"https:\/\/vogesus.fr\/index.php\/wp-json\/wp\/v2\/pages"}],"about":[{"href":"https:\/\/vogesus.fr\/index.php\/wp-json\/wp\/v2\/types\/page"}],"author":[{"embeddable":true,"href":"https:\/\/vogesus.fr\/index.php\/wp-json\/wp\/v2\/users\/1"}],"replies":[{"embeddable":true,"href":"https:\/\/vogesus.fr\/index.php\/wp-json\/wp\/v2\/comments?post=931"}],"version-history":[{"count":5,"href":"https:\/\/vogesus.fr\/index.php\/wp-json\/wp\/v2\/pages\/931\/revisions"}],"predecessor-version":[{"id":1659,"href":"https:\/\/vogesus.fr\/index.php\/wp-json\/wp\/v2\/pages\/931\/revisions\/1659"}],"up":[{"embeddable":true,"href":"https:\/\/vogesus.fr\/index.php\/wp-json\/wp\/v2\/pages\/473"}],"wp:attachment":[{"href":"https:\/\/vogesus.fr\/index.php\/wp-json\/wp\/v2\/media?parent=931"}],"curies":[{"name":"wp","href":"https:\/\/api.w.org\/{rel}","templated":true}]}}