{"id":683,"date":"2017-02-19T21:22:22","date_gmt":"2017-02-19T20:22:22","guid":{"rendered":"http:\/\/vogesus.fr\/?page_id=683"},"modified":"2025-12-25T19:07:56","modified_gmt":"2025-12-25T18:07:56","slug":"le-bichon-a-lire","status":"publish","type":"page","link":"https:\/\/vogesus.fr\/index.php\/qui-est-andre\/reportages\/le-bichon-a-lire\/","title":{"rendered":"Le Bichon du portail Saint Laurent"},"content":{"rendered":"<h4><span style=\"color: #000080;\">Le bichon<\/span><\/h4>\n<h4 style=\"text-align: justify;\"><span style=\"color: #000080;\"><img loading=\"lazy\" decoding=\"async\" data-attachment-id=\"691\" data-permalink=\"https:\/\/vogesus.fr\/index.php\/qui-est-andre\/reportages\/le-bichon-a-lire\/bichon-floute\/#main\" data-orig-file=\"https:\/\/vogesus.fr\/wp-content\/uploads\/2017\/02\/Bichon-flout\u00e9.jpg\" data-orig-size=\"1087,723\" data-comments-opened=\"1\" data-image-meta=\"{&quot;aperture&quot;:&quot;0&quot;,&quot;credit&quot;:&quot;&quot;,&quot;camera&quot;:&quot;&quot;,&quot;caption&quot;:&quot;&quot;,&quot;created_timestamp&quot;:&quot;0&quot;,&quot;copyright&quot;:&quot;&quot;,&quot;focal_length&quot;:&quot;0&quot;,&quot;iso&quot;:&quot;0&quot;,&quot;shutter_speed&quot;:&quot;0&quot;,&quot;title&quot;:&quot;&quot;,&quot;orientation&quot;:&quot;0&quot;}\" data-image-title=\"Bichon flout\u00e9\" data-image-description=\"&lt;p&gt;Bichon flout\u00e9&lt;\/p&gt;\n\" data-image-caption=\"&lt;p&gt;Bichon flout\u00e9&lt;\/p&gt;\n\" data-large-file=\"https:\/\/vogesus.fr\/wp-content\/uploads\/2017\/02\/Bichon-flout\u00e9-1024x681.jpg\" class=\"size-medium wp-image-691 alignleft\" src=\"http:\/\/vogesus.fr\/wp-content\/uploads\/2017\/02\/Bichon-flout\u00e9-300x200.jpg\" alt=\"Bichon flout\u00e9\" width=\"300\" height=\"200\" srcset=\"https:\/\/vogesus.fr\/wp-content\/uploads\/2017\/02\/Bichon-flout\u00e9-300x200.jpg 300w, https:\/\/vogesus.fr\/wp-content\/uploads\/2017\/02\/Bichon-flout\u00e9-768x511.jpg 768w, https:\/\/vogesus.fr\/wp-content\/uploads\/2017\/02\/Bichon-flout\u00e9-1024x681.jpg 1024w, https:\/\/vogesus.fr\/wp-content\/uploads\/2017\/02\/Bichon-flout\u00e9.jpg 1087w\" sizes=\"auto, (max-width: 300px) 100vw, 300px\" \/>Au chien qui pointe l\u2019est de sa truffe r\u00e9pond le bichon qui scrute le ciel dans l\u2019attente des pers\u00e9ides plus connus encore par le grand public comme la nuit des \u00e9toiles. 400 ans pour revenir \u00e0 ce qui \u00e9tait d\u00e9j\u00e0 annonc\u00e9. 400 ans d\u2019oubli dont les derni\u00e8res ann\u00e9es forment un v\u00e9ritable pr\u00e9cipice de la m\u00e9moire.<\/span><\/h4>\n<h4 style=\"text-align: justify;\"><span style=\"color: #000080;\">Le touriste passe devant, sans entendre, sans voir, seul dans sa modernit\u00e9.<\/span><\/h4>\n<h4 style=\"text-align: justify;\"><span style=\"color: #000080;\">Dans le premier texte sur la Cath\u00e9drale insolite j\u2019avais fait un d\u00e9tour par les h\u00e9r\u00e9sies que les livres d\u2019histoire r\u00e9futent, je vous invite maintenant \u00e0 des nouvelles interrogations en r\u00e9f\u00e9rence \u00e0 Annick de Souzenelle. Elle explique que les pieds dans la symbolique du corps humain se rapportent au principe de l\u2019embryon alors que les genoux expriment la naissance, l\u2019accompli. Ce symbole est en lien avec le discours de la statuaire repr\u00e9sentant les docteurs de la loi dont nous ne voyons que les pieds car leurs corps sont largement drap\u00e9s. Ces hommes tout aussi cultiv\u00e9s qu\u2019ils soient restent dans la lettre, perdant le sens du principe.<\/span><\/h4>\n<h4 style=\"text-align: justify;\"><span style=\"color: #000080;\">Le bichon si anodin puisse t\u2019il \u00eatre vous propose d\u2019oser croire au hasard qui pr\u00e9sente la Vierge et Saint Laurent dans une proximit\u00e9 calendaire.<\/span><\/h4>\n<h4 style=\"text-align: justify;\"><span style=\"color: #000080;\">L\u00e0 aussi le temps des vacances vous pouvez r\u00e9unir des bribes de ce temps qui vous manque tant pour ressentir la profondeur de cette pens\u00e9e.<\/span><\/h4>\n<h4 style=\"text-align: justify;\"><span style=\"color: #000080;\">Cherchez, vous verrez\u2026<\/span><\/h4>\n<h4 style=\"text-align: justify;\"><span style=\"color: #000080;\">Un autre chien vous attend\u2026 <a href=\"http:\/\/vogesus.fr\/index.php\/reportages\/le-chien-des-anges-a-lire\/\">lire la suite<\/a><\/span><\/h4>\n<p style=\"text-align: justify;\">Andr\u00e9<\/p>\n<p style=\"text-align: justify;\"><a href=\"http:\/\/www.vogesus.fr\">www.vogesus.fr<\/a><\/p>\n<p><\/p>\n<p><\/p>\n\n\n<p class=\"has-medium-font-size\">\u00a9 Vogesus 2020<\/p>\n","protected":false},"excerpt":{"rendered":"<p>Le bichon Au chien qui pointe l\u2019est de sa truffe r\u00e9pond le bichon qui scrute le ciel dans l\u2019attente des pers\u00e9ides plus connus encore par le grand public comme la nuit des \u00e9toiles. 400 ans pour revenir \u00e0 ce qui \u00e9tait d\u00e9j\u00e0 annonc\u00e9. 400 ans d\u2019oubli dont les derni\u00e8res ann\u00e9es forment un v\u00e9ritable pr\u00e9cipice de [&hellip;]<\/p>\n","protected":false},"author":1,"featured_media":0,"parent":289,"menu_order":7,"comment_status":"closed","ping_status":"closed","template":"","meta":{"jetpack_post_was_ever_published":false,"footnotes":""},"class_list":["post-683","page","type-page","status-publish","hentry"],"aioseo_notices":[],"jetpack_sharing_enabled":true,"jetpack_shortlink":"https:\/\/wp.me\/P7ThE8-b1","jetpack-related-posts":[],"_links":{"self":[{"href":"https:\/\/vogesus.fr\/index.php\/wp-json\/wp\/v2\/pages\/683","targetHints":{"allow":["GET"]}}],"collection":[{"href":"https:\/\/vogesus.fr\/index.php\/wp-json\/wp\/v2\/pages"}],"about":[{"href":"https:\/\/vogesus.fr\/index.php\/wp-json\/wp\/v2\/types\/page"}],"author":[{"embeddable":true,"href":"https:\/\/vogesus.fr\/index.php\/wp-json\/wp\/v2\/users\/1"}],"replies":[{"embeddable":true,"href":"https:\/\/vogesus.fr\/index.php\/wp-json\/wp\/v2\/comments?post=683"}],"version-history":[{"count":8,"href":"https:\/\/vogesus.fr\/index.php\/wp-json\/wp\/v2\/pages\/683\/revisions"}],"predecessor-version":[{"id":2236,"href":"https:\/\/vogesus.fr\/index.php\/wp-json\/wp\/v2\/pages\/683\/revisions\/2236"}],"up":[{"embeddable":true,"href":"https:\/\/vogesus.fr\/index.php\/wp-json\/wp\/v2\/pages\/289"}],"wp:attachment":[{"href":"https:\/\/vogesus.fr\/index.php\/wp-json\/wp\/v2\/media?parent=683"}],"curies":[{"name":"wp","href":"https:\/\/api.w.org\/{rel}","templated":true}]}}